{"id":361,"date":"2020-03-05T22:00:44","date_gmt":"2020-03-05T22:00:44","guid":{"rendered":"https:\/\/albero.si\/sl\/?page_id=361"},"modified":"2020-06-06T22:28:21","modified_gmt":"2020-06-06T22:28:21","slug":"storitve","status":"publish","type":"page","link":"https:\/\/albero.si\/sl\/storitve\/","title":{"rendered":"Storitve"},"content":{"rendered":"<p>Na\u0161e podjetje Albero.A je na trgu prisotno \u017ee 10 let.<br \/>\n<strong>Nudimo izdelave vseh vrst ventilacijskih fasad proizvajalcev<br \/>\n<\/strong><br \/>\n<em><strong><a href=\"https:\/\/albero.si\/sl\/trespa\/\"><span style=\"color: #000000;\">&#8211; <span style=\"color: #808080;\">Trespa,<\/span><\/span>\u00a0 &#8212;&gt; Ve\u010d informacij&#8230;<\/a><\/strong><\/em><br \/>\n<em><strong><span style=\"color: #808080;\">&#8211; <\/span><a href=\"https:\/\/albero.si\/sl\/fundermax\/\"><span style=\"color: #808080;\">Fundermax,<\/span> &#8212;&gt; Ve\u010d informacij<\/a><\/strong><\/em><br \/>\n<em><strong><a href=\"https:\/\/albero.si\/sl\/alucobond\/\"><span style=\"color: #808080;\">&#8211; Alucobond,<\/span> &#8212;&gt; Ve\u010d informacij<\/a><\/strong><\/em><br \/>\n&#8211; Eternit,<br \/>\n&#8211; Rieder,&#8230;<\/p>\n<p><img loading=\"lazy\" decoding=\"async\" class=\"wp-image-389 alignnone\" src=\"https:\/\/albero.si\/sl\/wp-content\/uploads\/2020\/03\/albero-slika2.jpg\" alt=\"Albero-fasada\" width=\"540\" height=\"386\" \/><\/p>\n<p>Pri izvajanju del uporabljamo najnovej\u0161o opremo, ki omogo\u010da strokovno izvedbo dolo\u010dene storitve.<\/p>\n<p><strong>Nudimo garancijo na svoje storitve in zagotavljamo odli\u010dnost.<\/strong><\/p>\n<p><strong>Kontakt<\/strong><br \/>\nMiklo\u0161i\u010deva ulica 4<br \/>\nCelje 3000<br \/>\n<strong>GSM:<\/strong> 041 431 282<br \/>\n<strong>E-MAIL:<\/strong> albero.eng@gmail.com<\/p>\n","protected":false},"excerpt":{"rendered":"<p>Na\u0161e podjetje Albero.A je na trgu prisotno \u017ee 10 let. Nudimo izdelave vseh vrst ventilacijskih fasad proizvajalcev &#8211; Trespa,\u00a0 &#8212;&gt; [&hellip;]<\/p>\n","protected":false},"author":1,"featured_media":0,"parent":0,"menu_order":4,"comment_status":"closed","ping_status":"closed","template":"","meta":{"footnotes":""},"class_list":["post-361","page","type-page","status-publish","hentry"],"yoast_head":"<!-- This site is optimized with the Yoast SEO plugin v14.2 - https:\/\/yoast.com\/wordpress\/plugins\/seo\/ -->\n<title>Storitve - Albero.a Miran Zvonar s.p.<\/title>\n<meta name=\"robots\" content=\"index, follow\" \/>\n<meta name=\"googlebot\" content=\"index, follow, max-snippet:-1, max-image-preview:large, max-video-preview:-1\" \/>\n<meta name=\"bingbot\" content=\"index, follow, max-snippet:-1, max-image-preview:large, max-video-preview:-1\" \/>\n<link rel=\"canonical\" href=\"https:\/\/albero.si\/sl\/storitve\/\" \/>\n<meta property=\"og:locale\" content=\"sl_SI\" \/>\n<meta property=\"og:type\" content=\"article\" \/>\n<meta property=\"og:title\" content=\"Storitve - Albero.a Miran Zvonar s.p.\" \/>\n<meta property=\"og:description\" content=\"Na\u0161e podjetje Albero.A je na trgu prisotno \u017ee 10 let. Nudimo izdelave vseh vrst ventilacijskih fasad proizvajalcev &#8211; Trespa,\u00a0 &#8212;&gt; [&hellip;]\" \/>\n<meta property=\"og:url\" content=\"https:\/\/albero.si\/sl\/storitve\/\" \/>\n<meta property=\"og:site_name\" content=\"Albero.a Miran Zvonar s.p.\" \/>\n<meta property=\"article:modified_time\" content=\"2020-06-06T22:28:21+00:00\" \/>\n<meta property=\"og:image\" content=\"https:\/\/albero.si\/sl\/wp-content\/uploads\/2020\/03\/albero-slika2.jpg\" \/>\n<meta name=\"twitter:card\" content=\"summary_large_image\" \/>\n<script type=\"application\/ld+json\" class=\"yoast-schema-graph\">{\"@context\":\"https:\/\/schema.org\",\"@graph\":[{\"@type\":\"Organization\",\"@id\":\"https:\/\/albero.si\/sl\/#organization\",\"name\":\"Albero.A, Miran Zvonar s.p.\",\"url\":\"https:\/\/albero.si\/sl\/\",\"sameAs\":[],\"logo\":{\"@type\":\"ImageObject\",\"@id\":\"https:\/\/albero.si\/sl\/#logo\",\"inLanguage\":\"sl-SI\",\"url\":\"https:\/\/albero.si\/sl\/wp-content\/uploads\/2020\/05\/albero-logo_new2.jpg\",\"width\":100,\"height\":100,\"caption\":\"Albero.A, Miran Zvonar s.p.\"},\"image\":{\"@id\":\"https:\/\/albero.si\/sl\/#logo\"}},{\"@type\":\"WebSite\",\"@id\":\"https:\/\/albero.si\/sl\/#website\",\"url\":\"https:\/\/albero.si\/sl\/\",\"name\":\"Albero.a Miran Zvonar s.p.\",\"description\":\"in\\u017eeniring, interier in ventilacijske fasade\",\"publisher\":{\"@id\":\"https:\/\/albero.si\/sl\/#organization\"},\"potentialAction\":[{\"@type\":\"SearchAction\",\"target\":\"https:\/\/albero.si\/sl\/?s={search_term_string}\",\"query-input\":\"required name=search_term_string\"}],\"inLanguage\":\"sl-SI\"},{\"@type\":\"ImageObject\",\"@id\":\"https:\/\/albero.si\/sl\/storitve\/#primaryimage\",\"inLanguage\":\"sl-SI\",\"url\":\"https:\/\/albero.si\/sl\/wp-content\/uploads\/2020\/03\/albero-slika2.jpg\",\"width\":800,\"height\":600,\"caption\":\"Albero-fasada\"},{\"@type\":\"WebPage\",\"@id\":\"https:\/\/albero.si\/sl\/storitve\/#webpage\",\"url\":\"https:\/\/albero.si\/sl\/storitve\/\",\"name\":\"Storitve - Albero.a Miran Zvonar s.p.\",\"isPartOf\":{\"@id\":\"https:\/\/albero.si\/sl\/#website\"},\"primaryImageOfPage\":{\"@id\":\"https:\/\/albero.si\/sl\/storitve\/#primaryimage\"},\"datePublished\":\"2020-03-05T22:00:44+00:00\",\"dateModified\":\"2020-06-06T22:28:21+00:00\",\"inLanguage\":\"sl-SI\",\"potentialAction\":[{\"@type\":\"ReadAction\",\"target\":[\"https:\/\/albero.si\/sl\/storitve\/\"]}]}]}<\/script>\n<!-- \/ Yoast SEO plugin. -->","_links":{"self":[{"href":"https:\/\/albero.si\/sl\/wp-json\/wp\/v2\/pages\/361","targetHints":{"allow":["GET"]}}],"collection":[{"href":"https:\/\/albero.si\/sl\/wp-json\/wp\/v2\/pages"}],"about":[{"href":"https:\/\/albero.si\/sl\/wp-json\/wp\/v2\/types\/page"}],"author":[{"embeddable":true,"href":"https:\/\/albero.si\/sl\/wp-json\/wp\/v2\/users\/1"}],"replies":[{"embeddable":true,"href":"https:\/\/albero.si\/sl\/wp-json\/wp\/v2\/comments?post=361"}],"version-history":[{"count":8,"href":"https:\/\/albero.si\/sl\/wp-json\/wp\/v2\/pages\/361\/revisions"}],"predecessor-version":[{"id":575,"href":"https:\/\/albero.si\/sl\/wp-json\/wp\/v2\/pages\/361\/revisions\/575"}],"wp:attachment":[{"href":"https:\/\/albero.si\/sl\/wp-json\/wp\/v2\/media?parent=361"}],"curies":[{"name":"wp","href":"https:\/\/api.w.org\/{rel}","templated":true}]}}