{"id":498,"date":"2020-05-19T21:49:08","date_gmt":"2020-05-19T21:49:08","guid":{"rendered":"https:\/\/albero.si\/sl\/?page_id=498"},"modified":"2020-06-06T21:37:23","modified_gmt":"2020-06-06T21:37:23","slug":"alucobond","status":"publish","type":"page","link":"https:\/\/albero.si\/sl\/storitve\/alucobond\/","title":{"rendered":"Alucobond"},"content":{"rendered":"<p><img loading=\"lazy\" decoding=\"async\" class=\"alignleft size-full wp-image-495\" src=\"https:\/\/albero.si\/sl\/wp-content\/uploads\/2020\/05\/alucobond.png\" alt=\"\" width=\"100\" height=\"85\" \/><\/p>\n<p>Alucobond\u00ae je kompozitna plo\u0161\u010da, izdelana iz dveh aluminijastih vrhnjih plo\u0161\u010d in plasti\u010dnega ali mineralnega polnila razli\u010dnih debelin. Imajo odli\u010dne lastnosti, kot npr. izjemno ravna povr\u0161ina, velika izbira barv in enostavnost obdelave. Alucobond je bil razvit za natan\u010den, pa vendar sodobnim zgradbam prilagodljiv ovoj. Alucobond se proizvaja v razli\u010dnih debelinah v kontinuiranem procesu, ki omogo\u010da rezanje plo\u0161\u010d na dolo\u010dene dol\u017eine. Standardna debelina, ki se uporablja za izvedbo fasade, je 4mm. Plo\u0161\u010de so lakirane po najsodobnej\u0161em Fluor-karbonskem (PVDF) postopku in za\u0161\u010ditene z odstranljivo folijo. Proizvodni program, dobavljive debeline, \u0161irine ter dol\u017eine so specificirani v cenikih. Standardne barve ter ostale dobavljive barve so specificirane v barvnih kartah, v rubriki dokumenti. Zaradi proizvodnega procesa je dobava standardnih in metalnih barv v \u0161irini 1250mm omejena na minimalno 100m\u00b2, pri ostalih barvah in povr\u0161inskih obdelavah ter po\u017earnem razredu A2, pa na 250, 300 ali 500m\u00b2.<\/p>\n<p><strong>Odlikuje ga predvsem:<br \/>\n<\/strong><\/p>\n<ul>\n<li>majhna te\u017ea ob veliki togosti in \u010dvrstosti,<\/li>\n<li>hitro in enostavno oblikovanje,<\/li>\n<li>material je enostaven za rezanje, zvijanje in krivljenje,<\/li>\n<li>enostavna monta\u017ea,<\/li>\n<li>spajanje je mo\u017eno s kovi\u010denjem, vija\u010denjem, lepljenjem in varjenjem, najve\u010d se uporablja v kasetni izvedbi,<\/li>\n<li>plo\u0161\u010de ostanejo ravne tudi po temperaturnih spremembah,<\/li>\n<li>odpornost proti koroziji,<\/li>\n<li>obstojnost na vremenske pogoje,<\/li>\n<li>zelo dolga \u017eivljenjska doba,<\/li>\n<li>plo\u0161\u010de uporabne pri temperaturah od -50 do +80\u00b0C,<\/li>\n<li>enostavno \u010di\u0161\u010denje in lep izgled.<\/li>\n<\/ul>\n<p>Plo\u0161\u010de Alucobond so zelo primeren material za oblaganje fasad, nadalje tudi za stre\u0161ne obrobe, balkonske obloge, predelne stene, notranje dekoracije, razstavne prostore, ohi\u0161ja strojev in aparatov ter mnoge druge mo\u017enosti.<\/p>\n<p><strong>Za koga je Alucobond\u00ae odli\u010dna izbira?<\/strong><br \/>\nKompozitne plo\u0161\u010de Alucobond so primerne za uporabo v javnih in administrativnih ter stanovanjskih stavbah, po\u0161tah, bolni\u0161nicah, trgovskih centrih, letali\u0161\u010dih, kulturnih centrih in \u0161olah.<\/p>\n<p><img loading=\"lazy\" decoding=\"async\" class=\"alignleft  wp-image-499\" src=\"https:\/\/albero.si\/sl\/wp-content\/uploads\/2020\/05\/alucobond-prikaz.png\" alt=\"\" width=\"557\" height=\"393\" \/><\/p>\n<p>&nbsp;<\/p>\n<p>&nbsp;<\/p>\n<h4><\/h4>\n<h4><\/h4>\n<h4><\/h4>\n<h4><\/h4>\n<h4><\/h4>\n<h4><\/h4>\n<p>&nbsp;<\/p>\n","protected":false},"excerpt":{"rendered":"<p>Alucobond\u00ae je kompozitna plo\u0161\u010da, izdelana iz dveh aluminijastih vrhnjih plo\u0161\u010d in plasti\u010dnega ali mineralnega polnila razli\u010dnih debelin. Imajo odli\u010dne lastnosti, [&hellip;]<\/p>\n","protected":false},"author":1,"featured_media":0,"parent":361,"menu_order":5,"comment_status":"closed","ping_status":"closed","template":"","meta":{"footnotes":""},"class_list":["post-498","page","type-page","status-publish","hentry"],"yoast_head":"<!-- This site is optimized with the Yoast SEO plugin v14.2 - https:\/\/yoast.com\/wordpress\/plugins\/seo\/ -->\n<title>Alucobond - Albero.a Miran Zvonar s.p.<\/title>\n<meta name=\"robots\" content=\"index, follow\" \/>\n<meta name=\"googlebot\" content=\"index, follow, max-snippet:-1, max-image-preview:large, max-video-preview:-1\" \/>\n<meta name=\"bingbot\" content=\"index, follow, max-snippet:-1, max-image-preview:large, max-video-preview:-1\" \/>\n<link rel=\"canonical\" href=\"https:\/\/albero.si\/sl\/storitve\/alucobond\/\" \/>\n<meta property=\"og:locale\" content=\"sl_SI\" \/>\n<meta property=\"og:type\" content=\"article\" \/>\n<meta property=\"og:title\" content=\"Alucobond - Albero.a Miran Zvonar s.p.\" \/>\n<meta property=\"og:description\" content=\"Alucobond\u00ae je kompozitna plo\u0161\u010da, izdelana iz dveh aluminijastih vrhnjih plo\u0161\u010d in plasti\u010dnega ali mineralnega polnila razli\u010dnih debelin. Imajo odli\u010dne lastnosti, [&hellip;]\" \/>\n<meta property=\"og:url\" content=\"https:\/\/albero.si\/sl\/storitve\/alucobond\/\" \/>\n<meta property=\"og:site_name\" content=\"Albero.a Miran Zvonar s.p.\" \/>\n<meta property=\"article:modified_time\" content=\"2020-06-06T21:37:23+00:00\" \/>\n<meta property=\"og:image\" content=\"https:\/\/albero.si\/sl\/wp-content\/uploads\/2020\/05\/alucobond.png\" \/>\n<meta name=\"twitter:card\" content=\"summary_large_image\" \/>\n<script type=\"application\/ld+json\" class=\"yoast-schema-graph\">{\"@context\":\"https:\/\/schema.org\",\"@graph\":[{\"@type\":\"Organization\",\"@id\":\"https:\/\/albero.si\/sl\/#organization\",\"name\":\"Albero.A, Miran Zvonar s.p.\",\"url\":\"https:\/\/albero.si\/sl\/\",\"sameAs\":[],\"logo\":{\"@type\":\"ImageObject\",\"@id\":\"https:\/\/albero.si\/sl\/#logo\",\"inLanguage\":\"sl-SI\",\"url\":\"https:\/\/albero.si\/sl\/wp-content\/uploads\/2020\/05\/albero-logo_new2.jpg\",\"width\":100,\"height\":100,\"caption\":\"Albero.A, Miran Zvonar s.p.\"},\"image\":{\"@id\":\"https:\/\/albero.si\/sl\/#logo\"}},{\"@type\":\"WebSite\",\"@id\":\"https:\/\/albero.si\/sl\/#website\",\"url\":\"https:\/\/albero.si\/sl\/\",\"name\":\"Albero.a Miran Zvonar s.p.\",\"description\":\"in\\u017eeniring, interier in ventilacijske fasade\",\"publisher\":{\"@id\":\"https:\/\/albero.si\/sl\/#organization\"},\"potentialAction\":[{\"@type\":\"SearchAction\",\"target\":\"https:\/\/albero.si\/sl\/?s={search_term_string}\",\"query-input\":\"required name=search_term_string\"}],\"inLanguage\":\"sl-SI\"},{\"@type\":\"ImageObject\",\"@id\":\"https:\/\/albero.si\/sl\/storitve\/alucobond\/#primaryimage\",\"inLanguage\":\"sl-SI\",\"url\":\"https:\/\/albero.si\/sl\/wp-content\/uploads\/2020\/05\/alucobond.png\",\"width\":100,\"height\":85},{\"@type\":\"WebPage\",\"@id\":\"https:\/\/albero.si\/sl\/storitve\/alucobond\/#webpage\",\"url\":\"https:\/\/albero.si\/sl\/storitve\/alucobond\/\",\"name\":\"Alucobond - Albero.a Miran Zvonar s.p.\",\"isPartOf\":{\"@id\":\"https:\/\/albero.si\/sl\/#website\"},\"primaryImageOfPage\":{\"@id\":\"https:\/\/albero.si\/sl\/storitve\/alucobond\/#primaryimage\"},\"datePublished\":\"2020-05-19T21:49:08+00:00\",\"dateModified\":\"2020-06-06T21:37:23+00:00\",\"inLanguage\":\"sl-SI\",\"potentialAction\":[{\"@type\":\"ReadAction\",\"target\":[\"https:\/\/albero.si\/sl\/storitve\/alucobond\/\"]}]}]}<\/script>\n<!-- \/ Yoast SEO plugin. -->","_links":{"self":[{"href":"https:\/\/albero.si\/sl\/wp-json\/wp\/v2\/pages\/498","targetHints":{"allow":["GET"]}}],"collection":[{"href":"https:\/\/albero.si\/sl\/wp-json\/wp\/v2\/pages"}],"about":[{"href":"https:\/\/albero.si\/sl\/wp-json\/wp\/v2\/types\/page"}],"author":[{"embeddable":true,"href":"https:\/\/albero.si\/sl\/wp-json\/wp\/v2\/users\/1"}],"replies":[{"embeddable":true,"href":"https:\/\/albero.si\/sl\/wp-json\/wp\/v2\/comments?post=498"}],"version-history":[{"count":12,"href":"https:\/\/albero.si\/sl\/wp-json\/wp\/v2\/pages\/498\/revisions"}],"predecessor-version":[{"id":511,"href":"https:\/\/albero.si\/sl\/wp-json\/wp\/v2\/pages\/498\/revisions\/511"}],"up":[{"embeddable":true,"href":"https:\/\/albero.si\/sl\/wp-json\/wp\/v2\/pages\/361"}],"wp:attachment":[{"href":"https:\/\/albero.si\/sl\/wp-json\/wp\/v2\/media?parent=498"}],"curies":[{"name":"wp","href":"https:\/\/api.w.org\/{rel}","templated":true}]}}